{"id":130,"date":"2019-04-08T17:53:17","date_gmt":"2019-04-08T15:53:17","guid":{"rendered":"https:\/\/www.kampfkunstschule-wuppertal.de\/jiujitsu\/?page_id=130"},"modified":"2025-11-06T16:18:43","modified_gmt":"2025-11-06T15:18:43","slug":"jiu-jitsu-meister-innen-aus-wuppertal","status":"publish","type":"page","link":"https:\/\/kampfkunstschule-wuppertal.de\/jiujitsu\/jiu-jitsu-meister-innen-aus-wuppertal\/","title":{"rendered":"Jiu-Jitsu Meister\/innen aus Wuppertal"},"content":{"rendered":"\n<h2>6. Dan ( rot\/wei\u00dfer G\u00fcrtel )<\/h2>\n\n\n\n<ul>\n<li>Martin S\u00fclz<\/li>\n\n\n\n<li>Kai Marcus Jacobi<\/li>\n\n\n\n<li>Beate Simon<\/li>\n<\/ul>\n\n\n\n<h2>5. Dan<\/h2>\n\n\n\n<p>.\/.<\/p>\n\n\n\n<h2>4. Dan<\/h2>\n\n\n\n<ul>\n<li>Christian Keip<\/li>\n\n\n\n<li>Katja Neebe<\/li>\n<\/ul>\n\n\n\n<h2>3. Dan<\/h2>\n\n\n\n<ul>\n<li>Alexander Koltzsch<\/li>\n\n\n\n<li>Frank Thiel<\/li>\n\n\n\n<li>Niclas Hanechian<\/li>\n<\/ul>\n\n\n\n<h2>2. Dan<\/h2>\n\n\n\n<ul>\n<li>Arne Bruns<\/li>\n\n\n\n<li>Philipp Z\u00fcsli<\/li>\n\n\n\n<li>Alexander Laub<\/li>\n<\/ul>\n\n\n\n<h2>1. Dan<\/h2>\n\n\n\n<ul>\n<li>Silke Heim<\/li>\n\n\n\n<li>Brigitte Kahnt<\/li>\n\n\n\n<li>Jessica Pfeiffer<\/li>\n\n\n\n<li>Matthias Bach<\/li>\n\n\n\n<li>Bj\u00f6rn Schmiedeberg<\/li>\n\n\n\n<li>Benedikt M\u00fcksch<\/li>\n\n\n\n<li>Freya Heitland<\/li>\n\n\n\n<li>Mike Severin<\/li>\n\n\n\n<li>Gregor K.<\/li>\n\n\n\n<li>Markus Th\u00fcnchen<\/li>\n\n\n\n<li>Thomas Mann<\/li>\n\n\n\n<li>Magnus Wolf<\/li>\n\n\n\n<li>Daniel Vazquez<\/li>\n\n\n\n<li>Greta Jacobi<\/li>\n\n\n\n<li>Maximilian Czialla<\/li>\n<\/ul>\n\n\n\n<p>\u2013<\/p>\n\n\n\n<p><strong><em>\u201eIch komme mit leeren H\u00e4nden im Geiste der Samurai.<br>Voll Achtung vor der Schw\u00e4che und frei von Angst vor der St\u00e4rke.<\/em><\/strong><strong><\/strong><\/p>\n\n\n\n<p><strong><em>Sollte ich gezwungen sein, mich selbst, meine Grunds\u00e4tze oder meine<br>Ehre zu verteidigen \u2013 sollte es um Recht oder Unrecht gehen \u2013<br>dann ist dies meine Waffe: Jiu-Jitsu.\u201c<\/em><\/strong><\/p>\n\n\n\n<figure class=\"wp-block-image\"><a href=\"https:\/\/www.kampfkunstschule-wuppertal.de\/jiujitsu\/wp-content\/uploads\/sites\/4\/2019\/04\/KuroObi.jpg\"><img decoding=\"async\" loading=\"lazy\" width=\"1024\" height=\"678\" src=\"https:\/\/www.kampfkunstschule-wuppertal.de\/jiujitsu\/wp-content\/uploads\/sites\/4\/2019\/09\/DSC_0074-1024x678-1024x678.jpg\" alt=\"\" class=\"wp-image-165\" srcset=\"https:\/\/kampfkunstschule-wuppertal.de\/jiujitsu\/wp-content\/uploads\/sites\/4\/2019\/09\/DSC_0074-1024x678.jpg 1024w, https:\/\/kampfkunstschule-wuppertal.de\/jiujitsu\/wp-content\/uploads\/sites\/4\/2019\/09\/DSC_0074-1024x678-300x199.jpg 300w, https:\/\/kampfkunstschule-wuppertal.de\/jiujitsu\/wp-content\/uploads\/sites\/4\/2019\/09\/DSC_0074-1024x678-768x509.jpg 768w\" sizes=\"(max-width: 1024px) 100vw, 1024px\" \/><\/a><\/figure>\n","protected":false},"excerpt":{"rendered":"<p>6. Dan ( rot\/wei\u00dfer G\u00fcrtel ) 5. Dan .\/. 4. Dan 3. Dan 2. Dan 1. Dan \u2013 \u201eIch komme mit leeren H\u00e4nden im Geiste der Samurai.Voll Achtung vor der Schw\u00e4che und frei von Angst vor der St\u00e4rke. Sollte ich gezwungen sein, mich selbst, meine Grunds\u00e4tze oder meineEhre zu verteidigen \u2013 sollte es um Recht [&hellip;]<\/p>\n","protected":false},"author":1,"featured_media":0,"parent":0,"menu_order":0,"comment_status":"closed","ping_status":"closed","template":"","meta":[],"acf":[],"_links":{"self":[{"href":"https:\/\/kampfkunstschule-wuppertal.de\/jiujitsu\/wp-json\/wp\/v2\/pages\/130"}],"collection":[{"href":"https:\/\/kampfkunstschule-wuppertal.de\/jiujitsu\/wp-json\/wp\/v2\/pages"}],"about":[{"href":"https:\/\/kampfkunstschule-wuppertal.de\/jiujitsu\/wp-json\/wp\/v2\/types\/page"}],"author":[{"embeddable":true,"href":"https:\/\/kampfkunstschule-wuppertal.de\/jiujitsu\/wp-json\/wp\/v2\/users\/1"}],"replies":[{"embeddable":true,"href":"https:\/\/kampfkunstschule-wuppertal.de\/jiujitsu\/wp-json\/wp\/v2\/comments?post=130"}],"version-history":[{"count":14,"href":"https:\/\/kampfkunstschule-wuppertal.de\/jiujitsu\/wp-json\/wp\/v2\/pages\/130\/revisions"}],"predecessor-version":[{"id":195,"href":"https:\/\/kampfkunstschule-wuppertal.de\/jiujitsu\/wp-json\/wp\/v2\/pages\/130\/revisions\/195"}],"wp:attachment":[{"href":"https:\/\/kampfkunstschule-wuppertal.de\/jiujitsu\/wp-json\/wp\/v2\/media?parent=130"}],"curies":[{"name":"wp","href":"https:\/\/api.w.org\/{rel}","templated":true}]}}